{"id":41,"date":"2012-09-03T16:09:04","date_gmt":"2012-09-03T14:09:04","guid":{"rendered":"http:\/\/fridolfrhudin.se\/?page_id=41"},"modified":"2025-05-23T17:17:45","modified_gmt":"2025-05-23T15:17:45","slug":"fridolf-rhudin-priset","status":"publish","type":"page","link":"https:\/\/fridolfrhudin.se\/?page_id=41","title":{"rendered":"Fridolf Rhudin priset"},"content":{"rendered":"<h1>Fridolf Rhudin priset<\/h1>\n<p><img loading=\"lazy\" class=\"size-full wp-image-11 \" title=\"Fridolf Rhudin priset\" src=\"http:\/\/fridolfrhudin.se\/wp-content\/uploads\/2012\/08\/FridolfRhudinpriset.jpg\" alt=\"Fridolf Rhudin priset\" width=\"222\" height=\"338\" srcset=\"https:\/\/fridolfrhudin.se\/wp-content\/uploads\/2012\/08\/FridolfRhudinpriset.jpg 222w, https:\/\/fridolfrhudin.se\/wp-content\/uploads\/2012\/08\/FridolfRhudinpriset-197x300.jpg 197w\" sizes=\"(max-width: 222px) 100vw, 222px\" \/><\/p>\n<p>2025 \u00e5rs Fridolf Rhudinpris kommer att delas ut i samband med Svenska Bondkomikfestivalens kv\u00e4llskabar\u00e9 vid Munkfors Konferenscenter 18 jul kl.18.00\u00a0 Priset som best\u00e5r av en kostym och Fridolf statyett i tr\u00e4 tilldelas Lars Lerin. F\u00f6r att Han i Fridolf Rhudins anda med humor v\u00e4rme och finess, bara \u00e4r sin egen med pensel, penna och komikertalang i bakfickan.<\/p>\n<p>Tidigare pristagare har varit Hasse Alfredsson, Anders Eriksson, Martin Ljung, Maria Lundkvist, G\u00f6sta Ekman, Claes Eriksson, Birgitta Andersson, Povel Ramel, Bosse Parnevik, Tomas von Br\u00f6mssen, Lasse \u00c5berg, Anne Charlotte Harvey, Bj\u00f6rn Gustafson, Mia Sk\u00e4ringer, Manne af Klintberg, Owe Th\u00f6rnqvist, Peter Carlsson, Sven &#8211; Erik Magnusson \/ Ingvar Karlsson, Inger Nilsson, Sven Melander, Carl-Einar H\u00e4ckner, Marianne M\u00f6rck, Leif GW Persson, Bj\u00f6rn Skifs och Olof Wretling.<\/p>\n","protected":false},"excerpt":{"rendered":"<p>Fridolf Rhudin priset 2025 \u00e5rs Fridolf Rhudinpris kommer att delas ut i samband med Svenska Bondkomikfestivalens kv\u00e4llskabar\u00e9 vid Munkfors Konferenscenter 18 jul kl.18.00\u00a0 Priset som best\u00e5r av en kostym och Fridolf statyett i tr\u00e4 tilldelas Lars Lerin. F\u00f6r att Han i Fridolf Rhudins anda med humor v\u00e4rme och finess, bara \u00e4r sin egen med pensel, [&hellip;]<\/p>\n","protected":false},"author":1,"featured_media":0,"parent":0,"menu_order":8,"comment_status":"closed","ping_status":"closed","template":"","meta":[],"_links":{"self":[{"href":"https:\/\/fridolfrhudin.se\/index.php?rest_route=\/wp\/v2\/pages\/41"}],"collection":[{"href":"https:\/\/fridolfrhudin.se\/index.php?rest_route=\/wp\/v2\/pages"}],"about":[{"href":"https:\/\/fridolfrhudin.se\/index.php?rest_route=\/wp\/v2\/types\/page"}],"author":[{"embeddable":true,"href":"https:\/\/fridolfrhudin.se\/index.php?rest_route=\/wp\/v2\/users\/1"}],"replies":[{"embeddable":true,"href":"https:\/\/fridolfrhudin.se\/index.php?rest_route=%2Fwp%2Fv2%2Fcomments&post=41"}],"version-history":[{"count":52,"href":"https:\/\/fridolfrhudin.se\/index.php?rest_route=\/wp\/v2\/pages\/41\/revisions"}],"predecessor-version":[{"id":506,"href":"https:\/\/fridolfrhudin.se\/index.php?rest_route=\/wp\/v2\/pages\/41\/revisions\/506"}],"wp:attachment":[{"href":"https:\/\/fridolfrhudin.se\/index.php?rest_route=%2Fwp%2Fv2%2Fmedia&parent=41"}],"curies":[{"name":"wp","href":"https:\/\/api.w.org\/{rel}","templated":true}]}}